{"id":16,"date":"2018-03-14T08:58:11","date_gmt":"2018-03-14T07:58:11","guid":{"rendered":"http:\/\/svetokolonas.spojenaskola.info\/?page_id=16"},"modified":"2024-06-18T13:00:53","modified_gmt":"2024-06-18T11:00:53","slug":"uvodna-stranka","status":"publish","type":"page","link":"https:\/\/svetokolonas.spojenaskola.info\/","title":{"rendered":"Mil\u00e9 kolegyne, kolegovia"},"content":{"rendered":"\n<p class=\"has-text-align-center\"><strong>Ministerstvo \u0161kolstva, v\u00fdskumu, v\u00fdvoja a ml\u00e1de\u017ee&nbsp;Slovenskej republiky<\/strong><\/p>\n\n\n\n<p class=\"has-text-align-center\"><strong>Region\u00e1lny \u00farad \u0161kolskej spr\u00e1vy v&nbsp;Pre\u0161ove<\/strong><\/p>\n\n\n\n<p class=\"has-text-align-center\">vyhlasuj\u00fa XXIII. ro\u010dn\u00edk<\/p>\n\n\n\n<p class=\"has-text-align-center\">celoslovenskej s\u00fa\u0165a\u017ee v\u00fdtvarnej tvorby det\u00ed matersk\u00fdch \u0161k\u00f4l<\/p>\n\n\n\n<p><strong>Organiz\u00e1tor:<\/strong><\/p>\n\n\n\n<ul class=\"wp-block-list\"><li>Spojen\u00e1 \u0161kola Pavla Sabado\u0161a intern\u00e1tna, Duklianska 2, Pre\u0161ov&nbsp;&nbsp;&nbsp;&nbsp;&nbsp;&nbsp;&nbsp;&nbsp;&nbsp;&nbsp;&nbsp;&nbsp;&nbsp;&nbsp;&nbsp;&nbsp;<\/li><\/ul>\n\n\n\n<p><strong>Podmienky:<\/strong>&nbsp;&nbsp;&nbsp;<\/p>\n\n\n\n<ul class=\"wp-block-list\"><li>Pr\u00e1ce m\u00f4\u017eu by\u0165 \u013eubovo\u013en\u00e9ho n\u00e1metu, form\u00e1tu A4, A3, A2 a&nbsp;\u013eubovo\u013en\u00fdch techn\u00edk.<\/li><li>V\u00fdtvarn\u00e9 pr\u00e1ce bud\u00fa hodnoten\u00e9 v kateg\u00f3ri\u00e1ch:<\/li><\/ul>\n\n\n\n<p>1. kateg\u00f3ria: 2-4 ro\u010dn\u00e9 deti;<\/p>\n\n\n\n<p>2. kateg\u00f3ria: 5-6 ro\u010dn\u00e9 deti;<\/p>\n\n\n\n<ul class=\"wp-block-list\"><li>Pr\u00e1ca mus\u00ed by\u0165 na zadnej strane ozna\u010den\u00e1 menom a&nbsp;priezviskom autora, jeho vek, n\u00e1zov pr\u00e1ce, technika, adresa \u0161koly, meno pedag\u00f3ga a&nbsp;e-mail.<\/li><li>Ku ka\u017edej pr\u00e1ci je potrebn\u00e9 prilo\u017ei\u0165 \u0161t\u00edtok s rozmermi 10x5cm s t\u00fdmi ist\u00fdmi \u00fadajmi ako na zadnej strane v\u00fdtvarnej pr\u00e1ce.<\/li><li>V\u00fdtvarn\u00e9 pr\u00e1ce ost\u00e1vaj\u00fa po prevzat\u00ed u&nbsp;organiz\u00e1tora.<\/li><li>V\u00fdtvarn\u00e9 pr\u00e1ce pros\u00edme zasla\u0165 do <strong>pondelka 27. m\u00e1ja 2024<\/strong> na adresu:<\/li><\/ul>\n\n\n\n<p><strong>Spojen\u00e1 \u0161kola Pavla Sabado\u0161a intern\u00e1tna<\/strong><\/p>\n\n\n\n<p><strong>Duklianska 2<\/strong><\/p>\n\n\n\n<p><strong>&nbsp;08001 Pre\u0161ov<\/strong><\/p>\n\n\n\n<ul class=\"wp-block-list\"><li>Autori 50-tich ocenen\u00fdch pr\u00e1c bud\u00fa pozvan\u00ed na sl\u00e1vnostn\u00e9 otvorenie v\u00fdstavy, vyhodnotenie a odovzd\u00e1vanie cien d\u0148a  v stredu <strong>19.6.2024<\/strong> v&nbsp;priestoroch <a rel=\"noreferrer noopener\" href=\"https:\/\/marena.sk\/\" target=\"_blank\">M-Ar\u00e9ny na \u0160v\u00e1boch<\/a>, kde bude v\u00fdstava n\u00e1sledne spr\u00edstupnen\u00e1 v&nbsp;nasleduj\u00facich d\u0148och vo vymedzen\u00fdch hodin\u00e1ch.<\/li><li>V\u0161etky inform\u00e1cie o&nbsp;ocenen\u00fdch pr\u00e1cach a&nbsp;\u010dasoch v\u00fdstavy po vyhodnoten\u00ed n\u00e1jdete na&nbsp; <a href=\"http:\/\/www.svetokolonas.spojenaskola.info\" target=\"_blank\" rel=\"noreferrer noopener\">www.svetokolonas.spojenaskola.info<\/a><\/li><\/ul>\n\n\n\n<p><strong>Kontaktn\u00e9 osoby:&nbsp;&nbsp;&nbsp;&nbsp;&nbsp;&nbsp;&nbsp;&nbsp;&nbsp;&nbsp;&nbsp;&nbsp;&nbsp;<\/strong><\/p>\n\n\n\n<p><strong>&nbsp;<\/strong>Mgr. Jana Li\u0161kov\u00e1, 051\/77 11 360, <a href=\"mailto:liskovajanka42@gmail.com\">liskovajanka42@gmail.com<\/a><\/p>\n\n\n\n<p>&nbsp;&nbsp;&nbsp;&nbsp;&nbsp;&nbsp; Mgr. Gabriela Timkov\u00e1, <a href=\"tel:051\/32%2026%20911\">051\/32 26 911<\/a>, <a href=\"mailto:gabriela.timkova@russ-po.sk\">gabriela.timkova@russ-po.sk<\/a><\/p>\n\n\n\n<p><\/p>\n\n\n\n<p><\/p>\n\n\n\n<p><\/p>\n\n\n\n<p><\/p>\n\n\n\n<h2 class=\"wp-block-heading\"><strong>V\u00fdhern\u00e9 pr\u00e1ce<\/strong><\/h2>\n\n\n\n<p><strong>Porota: <\/strong><\/p>\n\n\n\n<p><strong>Mgr. Jana Li\u0161kova<\/strong> &#8211; zastupky\u0148a riadite\u013ea pre M\u0160, \u0160KD S\u0160 Pavla Sabado\u0161a inter.<\/p>\n\n\n\n<p><strong>Mgr. Daniela Olej\u00e1rov\u00e1 <\/strong>&#8211; z\u00e1stupky\u0148a ZU\u0160 v\u00fdtvarn\u00fd odbor, <\/p>\n\n\n\n<p><strong>Mgr. Karina Fri\u010dov\u00e1 <\/strong>&#8211; SO\u0160 pedagogick\u00e1 ,PK v\u00fdtvarnej v\u00fdchovy<\/p>\n\n\n\n<p><strong>Juliana Biro\u0161ov\u00e1<\/strong> &#8211; v\u00fdtvarn\u00ed\u010dka, umelky\u0148a<\/p>\n\n\n\n<h2 class=\"has-text-align-center wp-block-heading\"><strong>OCENEN\u00c9 PR\u00c1CE<\/strong><\/h2>\n\n\n\n<figure class=\"wp-block-table aligncenter is-style-regular\"><table><tbody><tr><td>Meno autora<\/td><td>N\u00e1zov pr\u00e1ce<\/td><td>Matersk\u00e1 \u0161kola<\/td><td>Pedag\u00f3g<\/td><\/tr><tr><\/tr><tr><td>&nbsp;<\/td><td>&nbsp;<\/td><\/tr><tr><td>\u017dOFIA STANKOV\u00c1<\/td><td>V z\u00e1hrade na jablk\u00e1ch<\/td><td>M\u0160 Pova\u017esk\u00e1 ul.\u010d.1, Pie\u0161\u0165any<\/td><td>Simona Mach\u00e1\u010dkov\u00e1<\/td><\/tr><tr><td>GR\u00c9TKA KOVALIKOV\u00c1<\/td><td>Rodinka Lienkov\u00e1<\/td><td>M\u0160 Bratislavsk\u00e1 3, Pre\u0161ov<\/td><td>Mgr. Zuzana Hu\u0148adyov\u00e1<\/td><\/tr><tr><td>JURAJ BLAN\u00c1R<\/td><td>Ma\u010dka L\u00edza<\/td><td>M\u0160 Suvovorova 2797\/20 \u017dilina<\/td><td>Mgr. Marcela Luka\u010dovi\u010dov\u00e1<\/td><\/tr><tr><td>TIMEA FARKA\u0160OV\u00c1<\/td><td>Cukr\u00e1rka<\/td><td>M\u0160 \u00d3voda,\u0160t\u00farova 1, Fi\u013eakovo<\/td><td>Mgr. Gabriela Fung\u00e1\u010dov\u00e1<\/td><\/tr><tr><td>MIA FILIPIAKOV\u00c1<\/td><td>Mami\u010dka<\/td><td>M\u0160 \u00d3voda,\u0160t\u00farova 1, Fi\u013eakovo<\/td><td>Mgr. Gabriela Fung\u00e1\u010dov\u00e1<\/td><\/tr><tr><td>PE\u0164KA BRKALOV\u00c1<\/td><td>Na v\u00fdlete<\/td><td>M\u0160 Mal\u00fd \u0160ari\u0161 222, Pre\u0161ov<\/td><td>Maja Migrov\u00e1<\/td><\/tr><tr><td>T\u00c1\u0147KA KOSCELN\u00cdKOV\u00c1<\/td><td>Na koncerte<\/td><td>M\u0160 Mal\u00fd \u0160ari\u0161 222, Pre\u0161ov<\/td><td>Maja Migrov\u00e1<\/td><\/tr><tr><td>GABIKA DVOR\u0160\u010c\u00c1KOV\u00c1<\/td><td>Dobr\u00e1 n\u00e1lada<\/td><td>M\u0160 Mal\u00fd \u0160ari\u0161 222, Pre\u0161ov<\/td><td>Maja Migrov\u00e1<\/td><\/tr><tr><td>DIANKA ADAMKOVI\u010cOV\u00c1<\/td><td>S \u00fasmevom je svet kraj\u0161\u00ed<\/td><td>M\u0160 Mal\u00fd \u0160ari\u0161 222, Pre\u0161ov<\/td><td>Maja Migrov\u00e1<\/td><\/tr><tr><td>MAJA BUGANYOV\u00c1<\/td><td>Kozliatka<\/td><td>M\u0160 RKC,Hlavn\u00e1 215, Pribeta<\/td><td>Mgr. Gabriela Pinkeov\u00e1<\/td><\/tr><tr><td>VIKT\u00d3RIA UZS\u00c1KOV\u00c1<\/td><td>Zlatovl\u00e1ska<\/td><td>M\u0160 RKC,Hlavn\u00e1 215, Pribeta<\/td><td>Mgr. Gabriela Pinkeov\u00e1<\/td><\/tr><tr><td>BIBI\u00c1NA \u0160NIRCOV\u00c1<\/td><td>Tancujem a spievam<\/td><td>M\u0160 Skalit\u00e9 &#8211; \u00dastredie \u010d.632<\/td><td>Marta Kori\u010d\u00e1rov\u00e1<\/td><\/tr><tr><td>EMKA TOM\u010c\u00cdKOV\u00c1<\/td><td>Moja mama<\/td><td>M\u0160 Skalit\u00e9 &#8211; \u00dastredie \u010d.632<\/td><td>Mgr. Katar\u00edna Gomolov\u00e1<\/td><\/tr><tr><td>JAKUB PETR\u00c1K<\/td><td>Pern\u00edkov\u00e1 chal\u00fapka<\/td><td>M\u0160 Skalit\u00e9 &#8211; \u00dastredie \u010d.632<\/td><td>Marta Kori\u010d\u00e1rov\u00e1<\/td><\/tr><tr><td>HENRIETA GON\u0160\u010c\u00c1KOV\u00c1<\/td><td>Ps\u00ed\u010dek a ma\u010di\u010dka<\/td><td>M\u0160 Skalit\u00e9 &#8211; \u00dastredie \u010d.632<\/td><td>So\u0148a Gela\u010d\u00e1kov\u00e1<\/td><\/tr><tr><td>ELLA KONE\u010cN\u00c1<\/td><td>Ly\u017eova\u010dka<\/td><td>M\u0160 Skalit\u00e9 &#8211; \u00dastredie \u010d.632<\/td><td>Marta Kori\u010d\u00e1rov\u00e1<\/td><\/tr><tr><td>DOROTHEA KAMINSK\u00c1<\/td><td>Vesm\u00edr<\/td><td>M\u0160 Skalit\u00e9 &#8211; \u00dastredie \u010d.632<\/td><td>So\u0148a Gela\u010d\u00e1kov\u00e1<\/td><\/tr><tr><td>KULACS BAL\u00c1ZS<\/td><td>&nbsp;Podmorsk\u00fd svet<\/td><td>M\u0160 Okt\u00f3brov\u00e1 939\/46,Dunajsk\u00e1 Streda<\/td><td>Monika Ignat\u00e1k<\/td><\/tr><tr><td>NY\u00cdLFA S\u00c1RA<\/td><td>Svet okolo n\u00e1s<\/td><td>M\u0160 Okt\u00f3brov\u00e1 939\/46,Dunajsk\u00e1 Streda<\/td><td>Monika Ignat\u00e1k<\/td><\/tr><tr><td>SABINA HUDAK<\/td><td>Autoportr\u00e9t<\/td><td>Spojen\u00e1 \u0161kola Petrovany &#8211; M\u0160<\/td><td>Eva Ramazetterov\u00e1<\/td><\/tr><tr><td>AM\u00c9LIA SL\u00c1DE\u010cKOV\u00c1<\/td><td>Ma\u010di\u010dka Bibi<\/td><td>M\u0160 \u0160kolsk\u00e1 2, Zohor<\/td><td>Denisa Tatar<\/td><\/tr><tr><td>MILLA M\u00c9SZ\u00c1ROS<\/td><td>Lietaj\u00faca ma\u010dka<\/td><td>M\u0160 \u00d3voda,Bart\u00f3nkova, \u0160t\u00farovo<\/td><td>Veronika Benefiov\u00e1<\/td><\/tr><tr><td>DEBORAH LI\u0160KOV\u00c1<\/td><td>Svet okolo m\u0148a&nbsp;<\/td><td>M\u0160 \u010csl.letcov 2, \u013dubotice<\/td><td>Mgr. Monika&nbsp; Menyk\u00f6<\/td><\/tr><tr><td>LUK\u00c1\u0160 BRE\u010cKA<\/td><td>Breznianska zvonica<\/td><td>Z\u0160 s M\u0160 B.N\u011bmcovej 17, Brezno<\/td><td>PaedDr. Ivana Jan\u010dov\u00e1<\/td><\/tr><tr><td>JURAJ POLL\u00c1K<\/td><td>Super ZOO<\/td><td>M\u0160 Dr.Clementisa 59, Skalica,EP Pri potoku<\/td><td>Nat\u00e1lia Jankovi\u010dov\u00e1<\/td><\/tr><tr><td>KRIST\u00cdNA REM\u017dOV\u00c1<\/td><td>Danka a Janka v slima\u010dom dom\u010deku<\/td><td>M\u0160 Lozorno, Orechov\u00e1 19<\/td><td>Mgr. Be\u00e1ta Reifov\u00e1<\/td><\/tr><tr><td>PATR\u00cdCIA S\u00c1SOV\u00c1<\/td><td>V\u0161etci sme tu kamar\u00e1ti&nbsp;<\/td><td>Z\u0160 s M\u0160 Nov\u00e1 \u013dubov\u0148a 493<\/td><td>Bc. Simona Arifi<\/td><\/tr><tr><td>MARCUS SYNEK<\/td><td>Raz budem kozmonautom!!!<\/td><td>EP- Z\u0160 s M\u0160, Hviezdoslavova 152\/2 Z\u00e1vadka nad Hronom<\/td><td>Darina Noskov\u00e1<\/td><\/tr><tr><td>D\u00c1VID JOBKO&nbsp;<\/td><td>N\u00e1morn\u00e1 flotila&nbsp;<\/td><td>M\u0160 \u013dudov\u00edta \u0160t\u00fara 318\/23, Svidn\u00edk<\/td><td>Anna D\u017eumanov\u00e1<\/td><\/tr><tr><td>LAURA LIBEROV\u00c1<\/td><td>Princezn\u00e1 na vl\u00e1sku<\/td><td>M\u0160 Budovate\u013esk\u00e1 8, Pre\u0161ov<\/td><td>Ivana Amrichov\u00e1<\/td><\/tr><tr><td>ZOE MA\u010cOV\u00c1<\/td><td>\u0160a\u0161o<\/td><td>M\u0160 Jurkovi\u010dova 17, Pre\u0161ov<\/td><td>L. Galmi\u0161ov\u00e1<\/td><\/tr><tr><td>TIMEA UHR\u00cdNOV\u00c1<\/td><td>Jarn\u00e1 l\u00faka<\/td><td>M\u0160 Jurkovi\u010dova 17, Pre\u0161ov<\/td><td>L. Galmi\u0161ov\u00e1<\/td><\/tr><tr><td>NELA SOJAKOV\u00c1<\/td><td>Koh\u00fatik<\/td><td>M\u0160 \u0160vermova 8, Valask\u00e1<\/td><td>Mgr. Blanka Kyse\u013eov\u00e1<\/td><\/tr><tr><td>JAKUB HOVAN\u010c\u00cdK<\/td><td>Svetlu\u0161ka<\/td><td>Spojen\u00e1 \u0161kola P.Sabado\u0161a intern\u00e1tna, Duklianska 2, Pre\u0161ov<\/td><td>Ivana Bebkov\u00e1 DiS<\/td><\/tr><tr><td>DU\u0160AN HLINKA<\/td><td>Hmyz na l\u00fake&nbsp;<\/td><td>Spojen\u00e1 \u0161kola P.Sabado\u0161a intern\u00e1tna, Duklianska 2, Pre\u0161ov<\/td><td>M. Strakov\u00e1<\/td><\/tr><tr><td>ADAM RAJDUGA<\/td><td>Autoportr\u00e9t<\/td><td>Spojen\u00e1 \u0161kola P.Sabado\u0161a intern\u00e1tna, Duklianska 2, Pre\u0161ov<\/td><td>Mgr. Jana Kundr\u00e1tov\u00e1<\/td><\/tr><tr><td>PAVL\u00cdNA NOVOTN\u00c1<\/td><td>V z\u00e1hrade<\/td><td>M\u0160 Rakov\u00e1 &#8211; Fojtovo 1253<\/td><td>Darina Ors\u00e1ghov\u00e1<\/td><\/tr><tr><td>PATRIK STARCHO\u0147<\/td><td>Na ceste<\/td><td>M\u0160 Rakov\u00e1 &#8211; Fojtovo 1253<\/td><td>Darina Ors\u00e1ghov\u00e1<\/td><\/tr><tr><td>NAT\u00c1LIA KOSIKOV\u00c1<\/td><td>Danka a Janka&nbsp;<\/td><td>M\u0160 \u00d3voda, Kom\u00e1rno<\/td><td>Timea Rumiov\u00e1<\/td><\/tr><tr><td>ALEXANDER SMAILOV<\/td><td>M\u00f4j vt\u00e1\u010dik<\/td><td>M\u0160 Dlh\u00e1 1, Kom\u00e1rno &#8211; Nov\u00e1 Str\u00e1\u017e<\/td><td>Be\u00e1ta Bagita<\/td><\/tr><tr><td>TIMEA BEDN\u00c1RIK<\/td><td>Morsk\u00e1 v\u00edla<\/td><td>M\u0160 \u010cergovsk\u00e1 14, Pre\u0161ov<\/td><td>Tatiana B\u011blov\u00e1<\/td><\/tr><tr><td>TIMEA HALU\u0160KOV\u00c1<\/td><td>Bocian n\u00e1m prinesie b\u00e1b\u00e4tko<\/td><td>M\u0160 gen.Svobodu675\/23, Medzilaborce<\/td><td>Mgr. Alexandra Siv\u00e1kov\u00e1<\/td><\/tr><tr><td>MARI\u00c1N TIMKO<\/td><td>Urbanov\u00e1 ve\u017ea<\/td><td>M\u0160 Bo\u017eeny N\u011bmcovej 4, Ko\u0161ice<\/td><td>Mgr. Zuzana N\u00e9metov\u00e1<\/td><\/tr><tr><td>TEO POL\u00c1K<\/td><td>Kami\u00f3n<\/td><td>M\u0160 SNP 14, Modra<\/td><td>Mgr. Jana Brisudov\u00e1<\/td><\/tr><tr><td>TER\u00c9ZIA STOL\u00c1RIKOV\u00c1<\/td><td>\u010co ukr\u00fdva tr\u00e1va<\/td><td>Z\u0160 s M\u0160 \u017darnovick\u00e1 1078\/13 Tur\u010diansk\u00e9 Teplice<\/td><td>Miroslava Kub\u00edkov\u00e1<\/td><\/tr><tr><td>AM\u00c1LIA \u010cULOV\u00c1<\/td><td>Babku s dedkom milujem<\/td><td>M\u0160 Z\u00e1padn\u00e1 2, Bratislava<\/td><td>Be\u00e1ta Pevn\u00e1<\/td><\/tr><tr><td>NIKOL LAZOV\u00c1<\/td><td>Ma\u010di\u010dky Fazov\u00e9 a ich rodina<\/td><td>M\u0160 Z\u00e1padn\u00e1 2, Bratislava<\/td><td>Be\u00e1ta Pevn\u00e1<\/td><\/tr><tr><td>ZOJKA JACKOV\u00c1<\/td><td>Na l\u00fake<\/td><td>M\u0160 Dob\u0161insk\u00e9ho 8, Nitra<\/td><td>Bc. Eva Matisov\u00e1<\/td><\/tr><tr><td>KOLEKT\u00cdVNA PR\u00c1CA\/ 19 det\u00ed<\/td><td>Vesel\u00fd a smutn\u00fd\/farebn\u00fd a \u010dierny svet<\/td><td>SM\u0160 Slnie\u010dko, \u00dastianska 215\/4 Tvrdo\u0161\u00edn<\/td><td>Zuzana Kan\u00edkov\u00e1,\u017daneta Be\u0148ov\u00e1<\/td><\/tr><tr><td>KOLEKT\u00cdVNA PR\u00c1CA<\/td><td>Varila my\u0161i\u010dka ka\u0161i\u010dku<\/td><td>Z\u0160 s M\u0160 Pohorel\u00e1<\/td><td>PaedDr.Dagmar Krupov\u00e1<\/td><\/tr><\/tbody><\/table><figcaption><br><\/figcaption><\/figure>\n\n\n\n<p class=\"has-text-align-center\">Do 23.ro\u010dn\u00edka bolo zaslan\u00fdch 984 pr\u00e1c, po\u010det zapojen\u00fdch M\u0160 142.&nbsp;&nbsp;&nbsp;&nbsp;&nbsp;&nbsp;&nbsp;&nbsp;&nbsp;<\/p>\n\n\n\n<p class=\"has-text-align-center\">\u010eakujeme v\u0161etk\u00fdm u\u010dite\u013ek\u00e1m matersk\u00fdch \u0161k\u00f4l, ktor\u00e9 sa do s\u00fa\u0165a\u017ee zapojili.&nbsp;&nbsp;&nbsp;&nbsp;&nbsp;&nbsp;<\/p>\n\n\n\n<p class=\"has-text-align-center\">Vystaven\u00e9 bud\u00fa aj pr\u00e1ce, ktor\u00e9 neboli ocenen\u00e9.&nbsp;&nbsp;&nbsp;&nbsp;&nbsp;&nbsp;&nbsp;&nbsp;&nbsp;&nbsp;&nbsp;<\/p>\n\n\n\n<p class=\"has-text-align-center\">V\u00fdstava bude spr\u00edstupnen\u00e1 od 19. &#8211; 21.06 2024 ,v priestoroch&nbsp;&nbsp;<a href=\"https:\/\/marena.sk\/\" target=\"_blank\" rel=\"noreferrer noopener\">M-ar\u00e9ny<\/a>.&nbsp;&nbsp;<\/p>\n\n\n\n<p>V d\u0148och od 20.06 &#8211; 21. 06.2024 bude spr\u00edstupnen\u00e1 v\u00fdstava v\u00fdhern\u00fdch pr\u00e1c v <a href=\"https:\/\/marena.sk\/\" target=\"_blank\" rel=\"noreferrer noopener\">M-Ar\u00e9ne<\/a> v \u010dase od 10:00 -12:00.<\/p>\n\n\n\n<p>\u010eakujeme<\/p>\n\n\n\n<figure class=\"wp-block-embed-youtube wp-block-embed is-type-video is-provider-youtube wp-embed-aspect-16-9 wp-has-aspect-ratio\"><div class=\"wp-block-embed__wrapper\">\n<iframe loading=\"lazy\" title=\"23. Svet okolo n\u00e1s 2024 - v\u00fdber pr\u00e1c\" width=\"840\" height=\"473\" src=\"https:\/\/www.youtube.com\/embed\/PBuwa7vmeuc?feature=oembed\" frameborder=\"0\" allow=\"accelerometer; autoplay; clipboard-write; encrypted-media; gyroscope; picture-in-picture; web-share\" referrerpolicy=\"strict-origin-when-cross-origin\" allowfullscreen><\/iframe>\n<\/div><\/figure>\n","protected":false},"excerpt":{"rendered":"<p>Ministerstvo \u0161kolstva, v\u00fdskumu, v\u00fdvoja a ml\u00e1de\u017ee&nbsp;Slovenskej republiky Region\u00e1lny \u00farad \u0161kolskej spr\u00e1vy v&nbsp;Pre\u0161ove vyhlasuj\u00fa XXIII. ro\u010dn\u00edk celoslovenskej s\u00fa\u0165a\u017ee v\u00fdtvarnej tvorby det\u00ed matersk\u00fdch \u0161k\u00f4l Organiz\u00e1tor: Spojen\u00e1 \u0161kola Pavla Sabado\u0161a intern\u00e1tna, Duklianska 2, Pre\u0161ov&nbsp;&nbsp;&nbsp;&nbsp;&nbsp;&nbsp;&nbsp;&nbsp;&nbsp;&nbsp;&nbsp;&nbsp;&nbsp;&nbsp;&nbsp;&nbsp; Podmienky:&nbsp;&nbsp;&nbsp; Pr\u00e1ce m\u00f4\u017eu by\u0165 \u013eubovo\u013en\u00e9ho n\u00e1metu, form\u00e1tu A4, A3, A2 a&nbsp;\u013eubovo\u013en\u00fdch techn\u00edk. V\u00fdtvarn\u00e9 pr\u00e1ce bud\u00fa hodnoten\u00e9 v kateg\u00f3ri\u00e1ch: 1. kateg\u00f3ria: 2-4 ro\u010dn\u00e9 deti; 2. &hellip; <a href=\"https:\/\/svetokolonas.spojenaskola.info\/\" class=\"more-link\">Pokra\u010dova\u0165 v \u010d\u00edtan\u00ed<span class=\"screen-reader-text\"> &#8220;Mil\u00e9 kolegyne, kolegovia&#8221;<\/span><\/a><\/p>\n","protected":false},"author":1,"featured_media":0,"parent":0,"menu_order":0,"comment_status":"closed","ping_status":"closed","template":"","meta":{"footnotes":""},"class_list":["post-16","page","type-page","status-publish","hentry"],"_links":{"self":[{"href":"https:\/\/svetokolonas.spojenaskola.info\/index.php?rest_route=\/wp\/v2\/pages\/16","targetHints":{"allow":["GET"]}}],"collection":[{"href":"https:\/\/svetokolonas.spojenaskola.info\/index.php?rest_route=\/wp\/v2\/pages"}],"about":[{"href":"https:\/\/svetokolonas.spojenaskola.info\/index.php?rest_route=\/wp\/v2\/types\/page"}],"author":[{"embeddable":true,"href":"https:\/\/svetokolonas.spojenaskola.info\/index.php?rest_route=\/wp\/v2\/users\/1"}],"replies":[{"embeddable":true,"href":"https:\/\/svetokolonas.spojenaskola.info\/index.php?rest_route=%2Fwp%2Fv2%2Fcomments&post=16"}],"version-history":[{"count":110,"href":"https:\/\/svetokolonas.spojenaskola.info\/index.php?rest_route=\/wp\/v2\/pages\/16\/revisions"}],"predecessor-version":[{"id":694,"href":"https:\/\/svetokolonas.spojenaskola.info\/index.php?rest_route=\/wp\/v2\/pages\/16\/revisions\/694"}],"wp:attachment":[{"href":"https:\/\/svetokolonas.spojenaskola.info\/index.php?rest_route=%2Fwp%2Fv2%2Fmedia&parent=16"}],"curies":[{"name":"wp","href":"https:\/\/api.w.org\/{rel}","templated":true}]}}