{"id":17,"date":"2018-03-14T08:58:11","date_gmt":"2018-03-14T07:58:11","guid":{"rendered":"http:\/\/svetokolonas.spojenaskola.info\/?page_id=17"},"modified":"2024-04-19T14:21:54","modified_gmt":"2024-04-19T12:21:54","slug":"o-stranke","status":"publish","type":"page","link":"https:\/\/svetokolonas.spojenaskola.info\/?page_id=17","title":{"rendered":"O s\u00fa\u0165a\u017ei"},"content":{"rendered":"<p style=\"text-align: center;\"><strong>Organiza\u010dn\u00fd poriadok<\/strong><\/p>\n<p style=\"text-align: center;\"><strong>s\u00fa\u0165a\u017enej prehliadky v\u00fdtvarnej tvorby det\u00ed matersk\u00fdch \u0161k\u00f4l s medzin\u00e1rodnou \u00fa\u010das\u0165ou\u00a0<\/strong><strong>Svet okolo n\u00e1s<\/strong><\/p>\n<p><strong>\u00a0<\/strong>Tento organiza\u010dn\u00fd poriadok je vypracovan\u00fd v s\u00falade so smernicou Ministerstva \u0161kolstva, vedy, v\u00fdskumu a \u0161portu Slovenskej republiky \u010d. 23\/2017 o s\u00fa\u0165a\u017eiach.<\/p>\n<p style=\"text-align: center;\"><strong>\u010cl. 1 <\/strong><\/p>\n<p style=\"text-align: center;\"><strong>Charakteristika a\u00a0 poslanie s\u00fa\u0165a\u017enej prehliadky<\/strong><\/p>\n<p>Poslan\u00edm prezentovania v\u00fdtvarnej tvorby det\u00ed matersk\u00fdch \u0161k\u00f4l v s\u00fa\u0165a\u017enej prehliadke je:<\/p>\n<ol>\n<li>vyh\u013ead\u00e1va\u0165 v\u00fdtvarne nadan\u00e9 deti v matersk\u00fdch \u0161kol\u00e1ch a rozv\u00edja\u0165 ich nadanie,<\/li>\n<li>vies\u0165 deti k samostatnej tvorivej \u010dinnosti, vn\u00edmaniu okolit\u00e9ho sveta a jeho v\u00fdtvarn\u00e9mu zobrazeniu,<\/li>\n<li>prostredn\u00edctvom prezent\u00e1cie detsk\u00fdch v\u00fdtvarn\u00fdch pr\u00e1c propagova\u0165 tvoriv\u00fa pr\u00e1cu det\u00ed a pedag\u00f3gov v matersk\u00fdch \u0161kol\u00e1ch,<\/li>\n<li>nab\u00e1da\u0165 pedag\u00f3gov k h\u013eadaniu nov\u00fdch projektov v\u00fdtvarnej tvorivosti, k zdokonaleniu ich odbornosti,<\/li>\n<li>poskytn\u00fa\u0165 \u0161tudentom (bud\u00facim pedagogick\u00fdm zamestnancom) mo\u017enos\u0165 anal\u00fdzy v\u00fdvinu detsk\u00e9ho v\u00fdtvarn\u00e9ho prejavu,<\/li>\n<li>prezentova\u0165 pr\u00e1cu matersk\u00fdch \u0161k\u00f4l pred \u0161irokou verejnos\u0165ou,<\/li>\n<li>konfrontova\u0165 v\u00fdsledky v\u00fdtvarnej tvorivosti det\u00ed zo slovensk\u00fdch matersk\u00fdch \u0161k\u00f4l a det\u00ed zo zahrani\u010dia.<\/li>\n<\/ol>\n<p style=\"text-align: center;\"><strong>\u010cl. 2 <\/strong><\/p>\n<p style=\"text-align: center;\"><strong>\u0160trukt\u00fara s\u00fa\u0165a\u017enej prehliadky<\/strong><\/p>\n<p><strong>\u00a0<\/strong>S\u00fa\u0165a\u017en\u00fa prehliadku Svet okolo n\u00e1s vyhlasuje Ministerstvo \u0161kolstva, vedy, v\u00fdskumu a \u0161portu Slovenskej republiky.<\/p>\n<ol>\n<li>Organiz\u00e1torom je Okresn\u00fd \u00farad Pre\u0161ov \u2013 odbor \u0161kolstva, ktor\u00fd pover\u00ed organiz\u00e1ciou \u0161kolu vo svojej \u00fazemnej p\u00f4sobnosti, s ktorou uzavrie zmluvn\u00fd vz\u0165ah.<\/li>\n<li>\u00da\u010das\u0165 matersk\u00fdch \u0161k\u00f4l je dobrovo\u013en\u00e1.<\/li>\n<li>S\u00fa\u010das\u0165ou prehliadky Svet okolo n\u00e1s je odborn\u00fd semin\u00e1r pod veden\u00edm sk\u00fasen\u00fdch odborn\u00edkov a pedag\u00f3gov a tvoriv\u00e9 dielne pre deti.<\/li>\n<li>\u00da\u010das\u0165 na prehliadke a \u010fal\u0161ie podmienky ur\u010duj\u00fa propoz\u00edcie prehliadky.<\/li>\n<li>\u010cinnos\u0165 pedagogick\u00fdch zamestnancov matersk\u00fdch \u0161k\u00f4l sa hodnot\u00ed ako aktivita, priamo s\u00favisiaca s v\u00fdchovno-vzdel\u00e1vacou \u010dinnos\u0165ou v matersk\u00fdch \u0161kol\u00e1ch.<\/li>\n<li>S\u00fa\u0165a\u017en\u00e1 prehliadka m\u00e1 celoslovensk\u00fd charakter s \u00fa\u010das\u0165ou det\u00ed z okolit\u00fdch kraj\u00edn.<\/li>\n<li>Organiz\u00e1tori oslovia listom matersk\u00e9 \u0161koly v zahrani\u010d\u00ed.<\/li>\n<li>Prehliadka sa uskuto\u010d\u0148uje ka\u017edoro\u010dne a \u010dlen\u00ed sa na dve kateg\u00f3rie: 5 \u2013 6-ro\u010dn\u00e9 deti a 2 \u2013 4-ro\u010dn\u00e9 deti.<\/li>\n<li>V\u00fdtvarn\u00e9 pr\u00e1ce v dvoch kateg\u00f3ri\u00e1ch za\u0161l\u00fa \u00fa\u010dastn\u00edci pod\u013ea propoz\u00edcii organiz\u00e1torovi prehliadky.<\/li>\n<li>T\u00e1to s\u00fa\u0165a\u017en\u00e1 prehliadka nem\u00e1 postupov\u00e9 kol\u00e1 a je riaden\u00e1 v zmysle tohto organiza\u010dn\u00e9ho poriadku.<\/li>\n<li>Vyhodnoten\u00edm s\u00fa\u0165a\u017ee je vernis\u00e1\u017e v\u00fdstavy, kde sa odovzdaj\u00fa ceny autorom ocenen\u00fdch pr\u00e1c.<\/li>\n<li>Ocenen\u00fdm pr\u00e1cam zo zahrani\u010dia, pri ne\u00fa\u010dasti na vernis\u00e1\u017ei, sa ceny zasielaj\u00fa po\u0161tou. Organiz\u00e1tori zodpovedaj\u00fa za kvalitn\u00fa pr\u00edpravu a priebeh prehliadky.<\/li>\n<\/ol>\n<p style=\"text-align: center;\"><strong>\u010cl. 3<\/strong><\/p>\n<p style=\"text-align: center;\"><strong>Odborn\u00e9 a organiza\u010dn\u00e9 zabezpe\u010denie s\u00fa\u0165a\u017enej prehliadky<\/strong><\/p>\n<ol>\n<li>Riadi sa organiza\u010dn\u00fdm poriadkom, pokynmi vyhlasovate\u013ea a pr\u00edslu\u0161nej odbornej komisie, podmienkami pridelenia finan\u010dn\u00fdch prostriedkov a platn\u00fdmi pr\u00e1vnymi predpismi.<\/li>\n<li>Organiza\u010dn\u00fa, metodick\u00fa a administrat\u00edvnu \u010dinnos\u0165 spojen\u00fa so s\u00fa\u0165a\u017enou prehliadkou vykon\u00e1va Okresn\u00fd \u00farad Pre\u0161ov \u2013 odbor \u0161kolstva.<\/li>\n<li>Okresn\u00fd \u00farad Pre\u0161ov \u2013 odbor \u0161kolstva ur\u010d\u00ed odborn\u00fa komisiu (\u010falej len \u201ekomisia\u201c) zlo\u017een\u00fa zo z\u00e1stupcov okresn\u00e9ho \u00faradu \u2013 odboru \u0161kolstva a zamestnancov \u0161k\u00f4l a \u0161kolsk\u00fdch zariaden\u00ed, ktor\u00fa menuje ved\u00faci odboru.<\/li>\n<li>Komisiu riadi predseda, ktor\u00fd zodpoved\u00e1 za vypracovanie propoz\u00edci\u00ed a vyhodnotenie v\u00fdsledkov prehliadky,<\/li>\n<li>Funkcia predsedu komisie je \u010destn\u00e1.<\/li>\n<li>Komisia pracuje pod\u013ea organiza\u010dn\u00e9ho poriadku.<\/li>\n<\/ol>\n<p style=\"text-align: center;\"><strong>\u010cl. 4<\/strong><\/p>\n<p style=\"text-align: center;\"><strong>S\u00fa\u0165a\u017en\u00e9 podmienky a zadania, hodnotenie<\/strong><\/p>\n<ol>\n<li>S\u00fa\u0165a\u017en\u00e9 podmienky vyd\u00e1 organiz\u00e1tor ka\u017edoro\u010dne v propoz\u00edci\u00e1ch, ktor\u00e9 zverejn\u00ed na svojom webovom s\u00eddle.<\/li>\n<li>S\u00fa\u0165a\u017enej prehliadky detskej v\u00fdtvarnej tvorby sa m\u00f4\u017eu z\u00fa\u010dastni\u0165 v\u0161etky matersk\u00e9 \u0161koly v SR a v zahrani\u010d\u00ed.<\/li>\n<li>Kolekt\u00edvne pr\u00e1ce i pr\u00e1ce jednotlivcov musia sp\u013a\u0148a\u0165 krit\u00e9ria pod\u013ea schv\u00e1len\u00fdch propoz\u00edci\u00ed.<\/li>\n<li>Za doru\u010denie pr\u00e1c zodpoved\u00e1 pr\u00edslu\u0161n\u00e1 \u0161kola.<\/li>\n<li>Po ukon\u010den\u00ed s\u00fa\u0165a\u017enej prehliadky sa v\u00fdtvarn\u00e9 pr\u00e1ce nevracaj\u00fa.<\/li>\n<li>Pr\u00e1ce hodnot\u00ed odborn\u00e1 porota, ktor\u00fa ur\u010d\u00ed Okresn\u00fd \u00farad Pre\u0161ov \u2013 odbor \u0161kolstva z pedagogick\u00fdch zamestnancov matersk\u00fdch, z\u00e1kladn\u00fdch, stredn\u00fdch \u0161k\u00f4l a Pre\u0161ovskej univerzity v Pre\u0161ove.<\/li>\n<li>Predsedom poroty je jeden zo z\u00e1stupcov pedagogick\u00fdch zamestnancov pod\u013ea bodu 6.<\/li>\n<li>V\u0161etky doru\u010den\u00e9 pr\u00e1ce pos\u00fadi odborn\u00e1 porota a vyberie 50, ktor\u00e9 ocen\u00ed bez ur\u010denia poradia.<\/li>\n<li>Na vernis\u00e1\u017ei sa vystavuj\u00fa v\u0161etky doru\u010den\u00e9 pr\u00e1ce, bez oh\u013eadu na ocenenie.<\/li>\n<\/ol>\n<p style=\"text-align: center;\"><strong>\u010cl. 5<\/strong><\/p>\n<p style=\"text-align: center;\"><strong>Identifika\u010dn\u00e9 \u00fadaje a kontaktn\u00e9 \u00fadaje<\/strong><\/p>\n<p style=\"text-align: center;\"><strong>Vyhlasovate\u013e<\/strong>: \u00a0\u00a0Ministerstvo \u0161kolstva, vedy, v\u00fdskumu a \u0161portu Slovenskej republiky, Stromov\u00e1 1,\u00a0813 30 Bratislava<\/p>\n<p style=\"text-align: center;\"><strong>Organiz\u00e1tor<\/strong>: \u00a0\u00a0\u00a0Okresn\u00fd \u00farad Pre\u0161ov, Tarasa \u0160ev\u010denka 11, 080 01 Pre\u0161ov<\/p>\n<p style=\"text-align: center;\">I\u010cO: 00151 866<\/p>\n<p style=\"text-align: center;\">Telef\u00f3n: 051\/74627 07<\/p>\n<p style=\"text-align: center;\">Email: oupo-skolstvo@minv.sk<\/p>\n<p style=\"text-align: center;\"><strong>\u010cl. 6<\/strong><\/p>\n<p style=\"text-align: center;\"><strong>Podmienky \u00fa\u010dasti deti v s\u00fa\u0165a\u017enej prehliadke<\/strong><\/p>\n<ol>\n<li>S\u00fa\u0165a\u017enej prehliadky sa m\u00f4\u017eu z\u00fa\u010dastni\u0165 deti, ktor\u00e9 nav\u0161tevuj\u00fa matersk\u00e9 \u0161koly zaraden\u00e9 v sieti \u0161k\u00f4l a \u0161kolsk\u00fdch zariaden\u00ed Slovenskej republiky vo veku 2 \u2013 6 rokov a deti z okolit\u00fdch kraj\u00edn.<\/li>\n<li>Do s\u00fa\u0165a\u017enej prehliadky sa zasielaj\u00fa pr\u00e1ce, ktor\u00e9 vytvorili deti v danom \u0161kolskom roku.<\/li>\n<li>Autori ocenen\u00fdch pr\u00e1c sa z\u00fa\u010dastnia na vernis\u00e1\u017ei a sl\u00e1vnostnom vyhl\u00e1sen\u00ed v\u00fdsledkov v sprievode dospelej osoby.<\/li>\n<\/ol>\n<p style=\"text-align: center;\"><strong>\u010cl. 7<\/strong><\/p>\n<p style=\"text-align: center;\"><strong>Bezpe\u010dnos\u0165 a ochrana zdravia \u00fa\u010dastn\u00edkov<\/strong><\/p>\n<p><strong>\u00a0<\/strong>Po\u010das organizovania s\u00fa\u0165a\u017enej prehliadky mus\u00ed by\u0165 dodr\u017ean\u00e1 bezpe\u010dnos\u0165 a ochrana zdravia det\u00ed.<\/p>\n<ol>\n<li>Organiz\u00e1tor zabezpe\u010d\u00ed po\u010das realiz\u00e1cie s\u00fa\u0165a\u017enej prehliadky zdravotn\u00fa slu\u017ebu.<\/li>\n<li>Za dodr\u017eiavanie bezpe\u010dnosti po\u010das s\u00fa\u0165a\u017enej prehliadky zodpoved\u00e1 organiz\u00e1tor a pedagogick\u00fd zamestnanec poveren\u00fd riadite\u013eom pr\u00edslu\u0161nej \u0161koly.<\/li>\n<li>Na vyhodnotenie s\u00fa\u0165a\u017enej prehliadky cestuje \u00fa\u010dastn\u00edk (die\u0165a) v sprievode pedagogick\u00e9ho zamestnanca alebo rodi\u010da.<\/li>\n<li>Sprev\u00e1dzaj\u00faci pedagogick\u00fd zamestnanec mus\u00ed ma\u0165 p\u00edsomn\u00e9 poverenie riadite\u013ea vysielaj\u00facej \u0161koly.<\/li>\n<li>Sprev\u00e1dzaj\u00faci pedagogick\u00fd zamestnanec je povinn\u00fd zabezpe\u010di\u0165 informovan\u00fd s\u00fahlas rodi\u010da die\u0165a\u0165a, ktor\u00e9 sprev\u00e1dza.<\/li>\n<li>Po\u010das s\u00fa\u0165a\u017ee a s \u0148ou spojen\u00fdch podujatiach s\u00fa organiz\u00e1tori povinn\u00ed zabezpe\u010di\u0165 dodr\u017eiavanie platn\u00fdch bezpe\u010dnostn\u00fdch predpisov.<\/li>\n<\/ol>\n<p style=\"text-align: center;\"><strong>\u010cl. 8<\/strong><\/p>\n<p style=\"text-align: center;\"><strong>\u0160trukt\u00fara rozpo\u010dtu, pou\u017eitie a postup pri z\u00fa\u010dtovan\u00ed<\/strong><\/p>\n<ol>\n<li>S\u00fa\u0165a\u017en\u00e1 prehliadka je financovan\u00e1 Ministerstvom \u0161kolstva, vedy, v\u00fdskumu a \u0161portu SR prostredn\u00edctvom Okresn\u00e9ho \u00faradu Pre\u0161ov.<\/li>\n<li>Financovanie prehliadky m\u00f4\u017ee by\u0165 zabezpe\u010den\u00e9 aj z in\u00fdch zdrojov.<\/li>\n<li>Organiz\u00e1tor predklad\u00e1 ministerstvu do 30. j\u00fana kalend\u00e1rneho roka n\u00e1vrh rozpo\u010dtu s\u00fa\u0165a\u017ee na nasleduj\u00faci \u0161kolsk\u00fd rok.<\/li>\n<li>Organiz\u00e1tor poveren\u00fd odborom \u0161kolstva predlo\u017e\u00ed pred s\u00fa\u0165a\u017enou prehliadkou konkr\u00e9tny n\u00e1vrh rozpo\u010dtu v s\u00falade s organiza\u010dn\u00fdm poriadkom s\u00fa\u0165a\u017ee.<\/li>\n<li>Z rozpo\u010dtu m\u00f4\u017eu by\u0165 hraden\u00e9 v\u00fddavky spojen\u00e9 so stravovan\u00edm, ubytovan\u00edm, materi\u00e1lnotechnick\u00fdm zabezpe\u010den\u00edm, ocenen\u00edm, pren\u00e1jmom priestorov a odmenami za vykonan\u00e9 pr\u00e1ce.<\/li>\n<li>Osobitne sa zoh\u013ead\u0148uje ubytovanie host\u00ed zo zahrani\u010dia a \u00fa\u010dastn\u00edkov s\u00fa\u0165a\u017enej prehliadky zo zahrani\u010dia.<\/li>\n<li>Tvorbu v\u00fdtvarn\u00fdch pr\u00e1c a ich doru\u010denie zabezpe\u010dia \u0161koly z vlastn\u00fdch alebo in\u00fdch zdrojov.<\/li>\n<li>Rozsah \u00fahrady je konkretizovan\u00fd schv\u00e1len\u00fdm finan\u010dn\u00fdm rozpo\u010dtom s mo\u017enos\u0165ou poskytnutia finan\u010dn\u00e9ho preddavku.<\/li>\n<li>Po ukon\u010den\u00ed s\u00fa\u0165a\u017enej prehliadky predlo\u017e\u00ed organiz\u00e1tor Okresn\u00e9mu \u00faradu Pre\u0161ov \u2013 odboru \u0161kolstva vy\u00fa\u010dtovanie finan\u010dn\u00fdch prostriedkov.<\/li>\n<li>Nevy\u010derpan\u00e9 finan\u010dn\u00e9 prostriedky je organiz\u00e1tor povinn\u00fd vr\u00e1ti\u0165 na \u00fa\u010det Okresn\u00e9ho \u00faradu Pre\u0161ov.<\/li>\n<\/ol>\n<p style=\"text-align: center;\"><strong>\u010cl\u00e1nok 9<\/strong><\/p>\n<p style=\"text-align: center;\"><strong>Zru\u0161ovacie ustanovenie<\/strong><\/p>\n<p>Zru\u0161uje sa Organiza\u010dn\u00fd poriadok s\u00fa\u0165a\u017enej prehliadky v\u00fdtvarnej tvorby det\u00ed matersk\u00fdch \u0161k\u00f4l s medzin\u00e1rodnou \u00fa\u010das\u0165ou Svet okolo n\u00e1s schv\u00e1len\u00fd Ministerstvom \u0161kolstva Slovenskej republiky pod \u010d\u00edslom 2010-8659\/21893:16-918.<\/p>\n<p style=\"text-align: center;\"><strong>\u010cl. 10<\/strong><\/p>\n<p style=\"text-align: center;\"><strong>Schv\u00e1lenie a\u00a0\u00fa\u010dinnos\u0165<\/strong><\/p>\n<p><strong>\u00a0<\/strong>Tento organiza\u010dn\u00fd poriadok schv\u00e1lilo Ministerstvo \u0161kolstva, vedy, v\u00fdskumu a \u0161portu Slovenskej republiky pod \u010d\u00edslom 2017-10716\/31373:1-10A0 s \u00fa\u010dinnos\u0165ou od 01. 01. 2018.<\/p>\n","protected":false},"excerpt":{"rendered":"<p>Organiza\u010dn\u00fd poriadok s\u00fa\u0165a\u017enej prehliadky v\u00fdtvarnej tvorby det\u00ed matersk\u00fdch \u0161k\u00f4l s medzin\u00e1rodnou \u00fa\u010das\u0165ou\u00a0Svet okolo n\u00e1s \u00a0Tento organiza\u010dn\u00fd poriadok je vypracovan\u00fd v s\u00falade so smernicou Ministerstva \u0161kolstva, vedy, v\u00fdskumu a \u0161portu Slovenskej republiky \u010d. 23\/2017 o s\u00fa\u0165a\u017eiach. \u010cl. 1 Charakteristika a\u00a0 poslanie s\u00fa\u0165a\u017enej prehliadky Poslan\u00edm prezentovania v\u00fdtvarnej tvorby det\u00ed matersk\u00fdch \u0161k\u00f4l v s\u00fa\u0165a\u017enej prehliadke je: vyh\u013ead\u00e1va\u0165 v\u00fdtvarne &hellip; <a href=\"https:\/\/svetokolonas.spojenaskola.info\/?page_id=17\" class=\"more-link\">Pokra\u010dova\u0165 v \u010d\u00edtan\u00ed<span class=\"screen-reader-text\"> &#8220;O s\u00fa\u0165a\u017ei&#8221;<\/span><\/a><\/p>\n","protected":false},"author":1,"featured_media":0,"parent":0,"menu_order":0,"comment_status":"closed","ping_status":"closed","template":"","meta":{"footnotes":""},"class_list":["post-17","page","type-page","status-publish","hentry"],"_links":{"self":[{"href":"https:\/\/svetokolonas.spojenaskola.info\/index.php?rest_route=\/wp\/v2\/pages\/17","targetHints":{"allow":["GET"]}}],"collection":[{"href":"https:\/\/svetokolonas.spojenaskola.info\/index.php?rest_route=\/wp\/v2\/pages"}],"about":[{"href":"https:\/\/svetokolonas.spojenaskola.info\/index.php?rest_route=\/wp\/v2\/types\/page"}],"author":[{"embeddable":true,"href":"https:\/\/svetokolonas.spojenaskola.info\/index.php?rest_route=\/wp\/v2\/users\/1"}],"replies":[{"embeddable":true,"href":"https:\/\/svetokolonas.spojenaskola.info\/index.php?rest_route=%2Fwp%2Fv2%2Fcomments&post=17"}],"version-history":[{"count":14,"href":"https:\/\/svetokolonas.spojenaskola.info\/index.php?rest_route=\/wp\/v2\/pages\/17\/revisions"}],"predecessor-version":[{"id":652,"href":"https:\/\/svetokolonas.spojenaskola.info\/index.php?rest_route=\/wp\/v2\/pages\/17\/revisions\/652"}],"wp:attachment":[{"href":"https:\/\/svetokolonas.spojenaskola.info\/index.php?rest_route=%2Fwp%2Fv2%2Fmedia&parent=17"}],"curies":[{"name":"wp","href":"https:\/\/api.w.org\/{rel}","templated":true}]}}